{"id":4015,"date":"2024-06-26T14:30:25","date_gmt":"2024-06-26T12:30:25","guid":{"rendered":"https:\/\/eimacreacio.com\/residencia\/cuerpos-del-abandono\/"},"modified":"2025-07-28T12:17:53","modified_gmt":"2025-07-28T10:17:53","slug":"cuerpos-del-abandono","status":"publish","type":"residencia","link":"https:\/\/eimacreacio.com\/es\/recidencia\/cuerpos-del-abandono\/","title":{"rendered":"Cuerpos del Abandono"},"content":{"rendered":"\n<p>Laboratorio Art\u00edstico de Pr\u00e1cticas Situadas (en torno a las arquitecturas vac\u00edas de la isla de Mallorca, Espa\u00f1a)<\/p>\n\n<p>La l\u00ednea de investigaci\u00f3n se basa en la pr\u00e1ctica art\u00edstica desde las artes esc\u00e9nicas, en v\u00ednculo con las artes visuales, el espacio p\u00fablico, la instalaci\u00f3n, el arte sonoro, el sitio espec\u00edfico y la pedagog\u00eda. Hay un inter\u00e9s por la relaci\u00f3n que se puede desdibujar y resignificar entre cuerpo y arquitectura, cuerpo y paisaje, cuerpo y sonido, buscando generar obras que, de alguna manera, nos devuelvan la mirada sobre nuestra propia realidad, ciudad y territorio. Obras visuales y documentales, mediadas por la performatividad de los cuerpos, que est\u00e1n haciendo circular las memorias, problemas, biograf\u00edas e imaginarios de comunidades locales y espec\u00edficas.<\/p>\n\n<p>\u00bfC\u00f3mo desde lo micropol\u00edtico se abre hacia lo colectivo, y viceversa, en todas las direcciones?<\/p>\n","protected":false},"excerpt":{"rendered":"<p>Laboratorio Art\u00edstico de Pr\u00e1cticas Situadas (en torno a las arquitecturas vac\u00edas de la isla de Mallorca, Espa\u00f1a) La l\u00ednea de investigaci\u00f3n se basa en la pr\u00e1ctica art\u00edstica desde las artes esc\u00e9nicas, en v\u00ednculo con las artes visuales, el espacio p\u00fablico, la instalaci\u00f3n, el arte sonoro, el sitio espec\u00edfico y la pedagog\u00eda. Hay un inter\u00e9s por [&hellip;]<\/p>\n","protected":false},"author":3,"featured_media":3555,"template":"","edicio":[63],"tipus":[79,89],"class_list":["post-4015","residencia","type-residencia","status-publish","has-post-thumbnail","hentry","edicio-2024-es-2","tipus-con-ayudas","tipus-iberescena-es"],"acf":[],"_links":{"self":[{"href":"https:\/\/eimacreacio.com\/es\/wp-json\/wp\/v2\/residencia\/4015","targetHints":{"allow":["GET"]}}],"collection":[{"href":"https:\/\/eimacreacio.com\/es\/wp-json\/wp\/v2\/residencia"}],"about":[{"href":"https:\/\/eimacreacio.com\/es\/wp-json\/wp\/v2\/types\/residencia"}],"author":[{"embeddable":true,"href":"https:\/\/eimacreacio.com\/es\/wp-json\/wp\/v2\/users\/3"}],"version-history":[{"count":1,"href":"https:\/\/eimacreacio.com\/es\/wp-json\/wp\/v2\/residencia\/4015\/revisions"}],"predecessor-version":[{"id":4477,"href":"https:\/\/eimacreacio.com\/es\/wp-json\/wp\/v2\/residencia\/4015\/revisions\/4477"}],"wp:featuredmedia":[{"embeddable":true,"href":"https:\/\/eimacreacio.com\/es\/wp-json\/wp\/v2\/media\/3555"}],"wp:attachment":[{"href":"https:\/\/eimacreacio.com\/es\/wp-json\/wp\/v2\/media?parent=4015"}],"wp:term":[{"taxonomy":"edicio","embeddable":true,"href":"https:\/\/eimacreacio.com\/es\/wp-json\/wp\/v2\/edicio?post=4015"},{"taxonomy":"tipus","embeddable":true,"href":"https:\/\/eimacreacio.com\/es\/wp-json\/wp\/v2\/tipus?post=4015"}],"curies":[{"name":"wp","href":"https:\/\/api.w.org\/{rel}","templated":true}]}}